{"id":38492,"date":"2026-02-13T14:05:59","date_gmt":"2026-02-13T13:05:59","guid":{"rendered":"https:\/\/colorco.dk\/maatter-upp-til-rullgardiner-med-snoeredrag-i-hoernfoenster\/"},"modified":"2026-02-17T11:00:13","modified_gmt":"2026-02-17T10:00:13","slug":"maatter-upp-til-rullgardiner-med-snoeredrag-i-hoernfoenster","status":"publish","type":"page","link":"https:\/\/colorco.dk\/sv\/maatter-upp-til-rullgardiner-med-snoeredrag-i-hoernfoenster\/","title":{"rendered":"M\u00e5tter upp til rullgardiner med sn\u00f6redrag i h\u00f6rnf\u00f6nster"},"content":{"rendered":"\t\t<div data-elementor-type=\"wp-page\" data-elementor-id=\"38492\" class=\"elementor elementor-38492 elementor-37812\" data-elementor-post-type=\"page\">\n\t\t\t\t\t\t<section class=\"elementor-section elementor-top-section elementor-element elementor-element-93764f0 elementor-section-boxed elementor-section-height-default elementor-section-height-default\" data-id=\"93764f0\" data-element_type=\"section\" data-e-type=\"section\">\n\t\t\t\t\t\t<div class=\"elementor-container elementor-column-gap-default\">\n\t\t\t\t\t<div class=\"elementor-column elementor-col-100 elementor-top-column elementor-element elementor-element-0cd060f\" data-id=\"0cd060f\" data-element_type=\"column\" data-e-type=\"column\">\n\t\t\t<div class=\"elementor-widget-wrap elementor-element-populated\">\n\t\t\t\t\t\t<div class=\"elementor-element elementor-element-36ab1f6 elementor-widget elementor-widget-heading\" data-id=\"36ab1f6\" data-element_type=\"widget\" data-e-type=\"widget\" data-widget_type=\"heading.default\">\n\t\t\t\t<div class=\"elementor-widget-container\">\n\t\t\t\t\t<h2 class=\"elementor-heading-title elementor-size-default\">M\u00e5tter upp til rullgardiner med sn\u00f6redrag - h\u00f6rnf\u00f6nster<\/h2>\t\t\t\t<\/div>\n\t\t\t\t<\/div>\n\t\t\t\t\t<\/div>\n\t\t<\/div>\n\t\t\t\t\t<\/div>\n\t\t<\/section>\n\t\t\t\t<section class=\"elementor-section elementor-top-section elementor-element elementor-element-b061591 elementor-section-boxed elementor-section-height-default elementor-section-height-default\" data-id=\"b061591\" data-element_type=\"section\" data-e-type=\"section\">\n\t\t\t\t\t\t<div class=\"elementor-container elementor-column-gap-default\">\n\t\t\t\t\t<div class=\"elementor-column elementor-col-50 elementor-top-column elementor-element elementor-element-0981634\" data-id=\"0981634\" data-element_type=\"column\" data-e-type=\"column\">\n\t\t\t<div class=\"elementor-widget-wrap elementor-element-populated\">\n\t\t\t\t\t\t<div class=\"elementor-element elementor-element-d1fd16e elementor-widget elementor-widget-text-editor\" data-id=\"d1fd16e\" data-element_type=\"widget\" data-e-type=\"widget\" data-widget_type=\"text-editor.default\">\n\t\t\t\t<div class=\"elementor-widget-container\">\n\t\t\t\t\t\t\t\t\t<h5><strong>Steg 1<\/strong> \u2013 Hitta rullstorleken<\/h5><p>F\u00f6rst beh\u00f6ver du veta den ungef\u00e4rliga diametern p\u00e5 tygrullen p\u00e5 den installerade rullgardinen. Hitta den ungef\u00e4rliga storleken p\u00e5 rullgardinsrullen med hj\u00e4lp av tabellen till h\u00f6ger. <\/p>\t\t\t\t\t\t\t\t<\/div>\n\t\t\t\t<\/div>\n\t\t\t\t\t<\/div>\n\t\t<\/div>\n\t\t\t\t<div class=\"elementor-column elementor-col-50 elementor-top-column elementor-element elementor-element-3c2e9e5\" data-id=\"3c2e9e5\" data-element_type=\"column\" data-e-type=\"column\">\n\t\t\t<div class=\"elementor-widget-wrap elementor-element-populated\">\n\t\t\t\t\t\t<div class=\"elementor-element elementor-element-f250208 elementor-widget__width-initial elementor-widget elementor-widget-image\" data-id=\"f250208\" data-element_type=\"widget\" data-e-type=\"widget\" data-widget_type=\"image.default\">\n\t\t\t\t<div class=\"elementor-widget-container\">\n\t\t\t\t\t\t\t\t\t\t\t\t\t\t\t<img fetchpriority=\"high\" decoding=\"async\" width=\"1024\" height=\"529\" src=\"https:\/\/colorco.dk\/wp-content\/uploads\/2026\/02\/colorco-measure-cord-table-1024x529.jpg\" class=\"attachment-large size-large wp-image-37828\" alt=\"\" srcset=\"https:\/\/colorco.dk\/wp-content\/uploads\/2026\/02\/colorco-measure-cord-table-1024x529.jpg 1024w, https:\/\/colorco.dk\/wp-content\/uploads\/2026\/02\/colorco-measure-cord-table-300x155.jpg 300w, https:\/\/colorco.dk\/wp-content\/uploads\/2026\/02\/colorco-measure-cord-table-768x397.jpg 768w, https:\/\/colorco.dk\/wp-content\/uploads\/2026\/02\/colorco-measure-cord-table-990x511.jpg 990w, https:\/\/colorco.dk\/wp-content\/uploads\/2026\/02\/colorco-measure-cord-table-441x228.jpg 441w, https:\/\/colorco.dk\/wp-content\/uploads\/2026\/02\/colorco-measure-cord-table-800x413.jpg 800w, https:\/\/colorco.dk\/wp-content\/uploads\/2026\/02\/colorco-measure-cord-table-150x77.jpg 150w, https:\/\/colorco.dk\/wp-content\/uploads\/2026\/02\/colorco-measure-cord-table.jpg 1462w\" sizes=\"(max-width: 1024px) 100vw, 1024px\" \/>\t\t\t\t\t\t\t\t\t\t\t\t\t\t\t<\/div>\n\t\t\t\t<\/div>\n\t\t\t\t\t<\/div>\n\t\t<\/div>\n\t\t\t\t\t<\/div>\n\t\t<\/section>\n\t\t\t\t<section class=\"elementor-section elementor-top-section elementor-element elementor-element-ac981ef elementor-section-boxed elementor-section-height-default elementor-section-height-default\" data-id=\"ac981ef\" data-element_type=\"section\" data-e-type=\"section\">\n\t\t\t\t\t\t<div class=\"elementor-container elementor-column-gap-default\">\n\t\t\t\t\t<div class=\"elementor-column elementor-col-50 elementor-top-column elementor-element elementor-element-db89884\" data-id=\"db89884\" data-element_type=\"column\" data-e-type=\"column\">\n\t\t\t<div class=\"elementor-widget-wrap elementor-element-populated\">\n\t\t\t\t\t\t<div class=\"elementor-element elementor-element-d807ff8 elementor-widget elementor-widget-text-editor\" data-id=\"d807ff8\" data-element_type=\"widget\" data-e-type=\"widget\" data-widget_type=\"text-editor.default\">\n\t\t\t\t<div class=\"elementor-widget-container\">\n\t\t\t\t\t\t\t\t\t<h5><span style=\"font-weight: 600;\">Steg 2<\/span> \u2013 Best\u00e4m hur du ska installera rullgardinerna<\/h5><p>D\u00e4refter beh\u00f6ver du best\u00e4mma hur du vill installera rullgardinerna p\u00e5 f\u00f6nstren. Det finns 3 olika alternativ att v\u00e4lja mellan. <\/p><p><strong>A.<\/strong> Rullgardinen som vetter mot rummets framsida monteras tv\u00e4rs \u00f6ver f\u00f6nstret, n\u00e4stan fr\u00e5n h\u00f6rn till h\u00f6rn. Sedan monteras rullgardin nr 2 p\u00e5 sidan mot den fr\u00e4mre rullgardinen. <\/p><p><strong>B.<\/strong> Sidorullgardinen installeras hela v\u00e4gen in i h\u00f6rnet, och den andra rullgardinen som vetter mot rummets framsida installeras bredvid den. Detta alternativ \u00e4r bra om sidof\u00f6nstret \u00e4r mindre \u00e4n v\u00e5r minsta rullgardinsstorlek (30 cm). <\/p><p><strong>C.<\/strong> Det h\u00e4r alternativet fungerar inte f\u00f6r alla h\u00f6rnf\u00f6nster. Om f\u00f6nsterkarmen i h\u00f6rnet \u00e4r mycket liten rekommenderar vi att anv\u00e4nda metod A. eller B. ist\u00e4llet f\u00f6r att s\u00e4kerst\u00e4lla att rullgardinerna t\u00e4cker glasytan. <\/p>\t\t\t\t\t\t\t\t<\/div>\n\t\t\t\t<\/div>\n\t\t\t\t\t<\/div>\n\t\t<\/div>\n\t\t\t\t<div class=\"elementor-column elementor-col-50 elementor-top-column elementor-element elementor-element-84d8b34\" data-id=\"84d8b34\" data-element_type=\"column\" data-e-type=\"column\">\n\t\t\t<div class=\"elementor-widget-wrap elementor-element-populated\">\n\t\t\t\t\t\t<div class=\"elementor-element elementor-element-3c840d2 elementor-widget__width-initial elementor-widget elementor-widget-image\" data-id=\"3c840d2\" data-element_type=\"widget\" data-e-type=\"widget\" data-widget_type=\"image.default\">\n\t\t\t\t<div class=\"elementor-widget-container\">\n\t\t\t\t\t\t\t\t\t\t\t\t\t\t\t<img decoding=\"async\" width=\"458\" height=\"1024\" src=\"https:\/\/colorco.dk\/wp-content\/uploads\/2026\/02\/colorco-measure-l-shaped-window-options-458x1024.jpg\" class=\"attachment-large size-large wp-image-37742\" alt=\"\" srcset=\"https:\/\/colorco.dk\/wp-content\/uploads\/2026\/02\/colorco-measure-l-shaped-window-options-458x1024.jpg 458w, https:\/\/colorco.dk\/wp-content\/uploads\/2026\/02\/colorco-measure-l-shaped-window-options-134x300.jpg 134w, https:\/\/colorco.dk\/wp-content\/uploads\/2026\/02\/colorco-measure-l-shaped-window-options-768x1717.jpg 768w, https:\/\/colorco.dk\/wp-content\/uploads\/2026\/02\/colorco-measure-l-shaped-window-options-687x1536.jpg 687w, https:\/\/colorco.dk\/wp-content\/uploads\/2026\/02\/colorco-measure-l-shaped-window-options-916x2048.jpg 916w, https:\/\/colorco.dk\/wp-content\/uploads\/2026\/02\/colorco-measure-l-shaped-window-options-441x986.jpg 441w, https:\/\/colorco.dk\/wp-content\/uploads\/2026\/02\/colorco-measure-l-shaped-window-options-800x1789.jpg 800w, https:\/\/colorco.dk\/wp-content\/uploads\/2026\/02\/colorco-measure-l-shaped-window-options-150x335.jpg 150w, https:\/\/colorco.dk\/wp-content\/uploads\/2026\/02\/colorco-measure-l-shaped-window-options.jpg 970w\" sizes=\"(max-width: 458px) 100vw, 458px\" \/>\t\t\t\t\t\t\t\t\t\t\t\t\t\t\t<\/div>\n\t\t\t\t<\/div>\n\t\t\t\t<div class=\"elementor-element elementor-element-11328e5 elementor-widget elementor-widget-spacer\" data-id=\"11328e5\" data-element_type=\"widget\" data-e-type=\"widget\" data-widget_type=\"spacer.default\">\n\t\t\t\t<div class=\"elementor-widget-container\">\n\t\t\t\t\t\t\t<div class=\"elementor-spacer\">\n\t\t\t<div class=\"elementor-spacer-inner\"><\/div>\n\t\t<\/div>\n\t\t\t\t\t\t<\/div>\n\t\t\t\t<\/div>\n\t\t\t\t\t<\/div>\n\t\t<\/div>\n\t\t\t\t\t<\/div>\n\t\t<\/section>\n\t\t\t\t<section class=\"elementor-section elementor-top-section elementor-element elementor-element-9644d1f elementor-section-boxed elementor-section-height-default elementor-section-height-default\" data-id=\"9644d1f\" data-element_type=\"section\" data-e-type=\"section\">\n\t\t\t\t\t\t<div class=\"elementor-container elementor-column-gap-default\">\n\t\t\t\t\t<div class=\"elementor-column elementor-col-100 elementor-top-column elementor-element elementor-element-35fb8c2\" data-id=\"35fb8c2\" data-element_type=\"column\" data-e-type=\"column\">\n\t\t\t<div class=\"elementor-widget-wrap elementor-element-populated\">\n\t\t\t\t\t\t<div class=\"elementor-element elementor-element-c43974a elementor-widget elementor-widget-text-editor\" data-id=\"c43974a\" data-element_type=\"widget\" data-e-type=\"widget\" data-widget_type=\"text-editor.default\">\n\t\t\t\t<div class=\"elementor-widget-container\">\n\t\t\t\t\t\t\t\t\t<h5><span style=\"font-weight: 600;\">Steg 3<\/span> \u2013 M\u00e4t rullgardinens bredd<\/h5><p>Om du valde <b>steg 2, alternativ A<\/b> , anv\u00e4nd f\u00f6ljande instruktioner:<\/p><p>F\u00f6r att m\u00e4ta den fram\u00e5tv\u00e4nda gardinen, m\u00e4t helt enkelt hela f\u00f6nstrets bredd fr\u00e5n ena sidan av f\u00f6nsterbr\u00e4dan till den andra sidan. Subtrahera sedan 2 cm. Detta blir den f\u00e4rdiga bredden f\u00f6r rullgardinen med sn\u00f6redrag.  <\/p><p>F\u00f6r att m\u00e4ta sidogardinen, m\u00e4t denna fulla bredd fr\u00e5n ena sidan av f\u00f6nsterbr\u00e4dan till den andra. Subtrahera sedan 2 cm. N\u00e4r du har detta m\u00e5tt, subtrahera m\u00e5ttet p\u00e5 tygrullen fr\u00e5n <strong>Steg 1<\/strong>.  <\/p><p>Detta blir rullgardinens f\u00e4rdiga bredd.<\/p><p>Om du valde <strong>steg 2, alternativ B<\/strong> , anv\u00e4nd f\u00f6ljande instruktioner:<\/p><p>F\u00f6r att m\u00e4ta upp till sidogardinen, m\u00e4t hela bredden fr\u00e5n ena sidan av f\u00f6nsterbr\u00e4dan till den andra. Subtrahera sedan 2 cm. Detta blir den f\u00e4rdiga bredden p\u00e5 rullgardinen med sn\u00f6re.  <\/p><p>F\u00f6r att m\u00e4ta upp till rullgardinen som vetter mot rummets framsida, m\u00e4t hela bredden fr\u00e5n ena sidan av f\u00f6nsterbr\u00e4dan till den andra. Subtrahera sedan 2 cm. N\u00e4r du har detta m\u00e5tt subtraherar du m\u00e5ttet p\u00e5 tygrullen fr\u00e5n <strong>Steg 1<\/strong>.  <\/p><p>Detta blir rullgardinens f\u00e4rdiga bredd fram\u00e5t.<\/p><p>Om <strong>steg 2, alternativ C.<\/strong> \u00e4r valt, anv\u00e4nd f\u00f6ljande instruktioner: <\/p><p>M\u00e4t helt enkelt b\u00e5de fram- och sidof\u00f6nstren fr\u00e5n ena sidan av f\u00f6nsterbr\u00e4dan till den andra sidan. Subtrahera sedan 2 cm fr\u00e5n varje m\u00e5tt. N\u00e4r du har dessa m\u00e5tt subtraherar du m\u00e5ttet p\u00e5 tygrullens diameter fr\u00e5n steg 1. Detta m\u00e5tt ska subtraheras fr\u00e5n b\u00e5de sidorullen och den fr\u00e4mre rullgardinen.   <\/p><p>Detta blir det slutliga breddm\u00e5ttet f\u00f6r varje rullgardin.<\/p>\t\t\t\t\t\t\t\t<\/div>\n\t\t\t\t<\/div>\n\t\t\t\t\t<\/div>\n\t\t<\/div>\n\t\t\t\t\t<\/div>\n\t\t<\/section>\n\t\t\t\t<section class=\"elementor-section elementor-top-section elementor-element elementor-element-c2f50a4 elementor-section-boxed elementor-section-height-default elementor-section-height-default\" data-id=\"c2f50a4\" data-element_type=\"section\" data-e-type=\"section\">\n\t\t\t\t\t\t<div class=\"elementor-container elementor-column-gap-default\">\n\t\t\t\t\t<div class=\"elementor-column elementor-col-100 elementor-top-column elementor-element elementor-element-f4b5600\" data-id=\"f4b5600\" data-element_type=\"column\" data-e-type=\"column\">\n\t\t\t<div class=\"elementor-widget-wrap elementor-element-populated\">\n\t\t\t\t\t\t<div class=\"elementor-element elementor-element-12ea4dc elementor-widget elementor-widget-text-editor\" data-id=\"12ea4dc\" data-element_type=\"widget\" data-e-type=\"widget\" data-widget_type=\"text-editor.default\">\n\t\t\t\t<div class=\"elementor-widget-container\">\n\t\t\t\t\t\t\t\t\t<h5><span style=\"font-weight: 600;\">Steg 4<\/span> \u2013 M\u00e4t rullgardinens h\u00f6jd<\/h5><p>M\u00e4t fr\u00e5n toppen d\u00e4r rullgardinen ska monteras ner till \u00f6nskad slutpunkt (vanligtvis f\u00f6nsterbr\u00e4dan). V\u00e4nligen m\u00e4t alla f\u00f6nster, s\u00e4rskilt f\u00f6r \u00e4ldre f\u00f6nster kan dessa m\u00e5tt variera. Vi rekommenderar att du l\u00e4gger till 10-15 cm till detta m\u00e5tt eftersom det ger rullgardinen lite vikt l\u00e4ngst ner, vilket g\u00f6r den l\u00e4ttare och mer stabil att rulla upp och ner. Det slutliga h\u00f6jdm\u00e5ttet b\u00f6r anv\u00e4ndas vid best\u00e4llning av rullgardinen.   <\/p>\t\t\t\t\t\t\t\t<\/div>\n\t\t\t\t<\/div>\n\t\t\t\t\t<\/div>\n\t\t<\/div>\n\t\t\t\t\t<\/div>\n\t\t<\/section>\n\t\t\t\t<section class=\"elementor-section elementor-top-section elementor-element elementor-element-7cb86d1 elementor-section-boxed elementor-section-height-default elementor-section-height-default\" data-id=\"7cb86d1\" data-element_type=\"section\" data-e-type=\"section\">\n\t\t\t\t\t\t<div class=\"elementor-container elementor-column-gap-default\">\n\t\t\t\t\t<div class=\"elementor-column elementor-col-100 elementor-top-column elementor-element elementor-element-0b13d93\" data-id=\"0b13d93\" data-element_type=\"column\" data-e-type=\"column\">\n\t\t\t<div class=\"elementor-widget-wrap elementor-element-populated\">\n\t\t\t\t\t\t<div class=\"elementor-element elementor-element-07beb33 elementor-widget elementor-widget-text-editor\" data-id=\"07beb33\" data-element_type=\"widget\" data-e-type=\"widget\" data-widget_type=\"text-editor.default\">\n\t\t\t\t<div class=\"elementor-widget-container\">\n\t\t\t\t\t\t\t\t\t<h5><span style=\"font-weight: 600;\">Steg 5<\/span> \u2013 Best\u00e4llning av gardiner<\/h5><p>Ange de slutliga bredd- och h\u00f6jdm\u00e5tten fr\u00e5n steg 3 och 4 n\u00e4r du best\u00e4ller rullgardinen p\u00e5 v\u00e5r webbplats.<\/p><p><em><strong>Kontrollera alla m\u00e5tt innan du g\u00f6r din best\u00e4llning f\u00f6r att s\u00e4kerst\u00e4lla perfekt passform.<\/strong><\/em><\/p><p><a href=\"https:\/\/colorco.dk\/sv\/faq\/\">L\u00e4s \u00e4ven v\u00e5r sida med vanliga fr\u00e5gor f\u00f6r allm\u00e4nna fr\u00e5gor om gardinerna.<\/a><\/p><p><a href=\"https:\/\/colorco.dk\/sv\/kontakta-oss\/\">Om du \u00e4r os\u00e4ker, v\u00e4nligen kontakta oss f\u00f6r v\u00e4gledning.<\/a><\/p>\t\t\t\t\t\t\t\t<\/div>\n\t\t\t\t<\/div>\n\t\t\t\t\t<\/div>\n\t\t<\/div>\n\t\t\t\t\t<\/div>\n\t\t<\/section>\n\t\t\t\t<\/div>\n\t\t","protected":false},"excerpt":{"rendered":"<p>M\u00e5tter upp til rullgardiner med sn\u00f6redrag &#8211; h\u00f6rnf\u00f6nster Steg 1 \u2013 Hitta rullstorleken F\u00f6rst beh\u00f6ver du veta den ungef\u00e4rliga diametern p\u00e5 tygrullen p\u00e5 den installerade rullgardinen. Hitta den ungef\u00e4rliga storleken p\u00e5 rullgardinsrullen med hj\u00e4lp av tabellen till h\u00f6ger. Steg 2 \u2013 Best\u00e4m hur du ska installera rullgardinerna D\u00e4refter beh\u00f6ver du best\u00e4mma hur du vill installera [&hellip;]<\/p>\n","protected":false},"author":2,"featured_media":0,"parent":0,"menu_order":0,"comment_status":"closed","ping_status":"closed","template":"","meta":{"footnotes":""},"class_list":["post-38492","page","type-page","status-publish","hentry"],"aioseo_notices":[],"_links":{"self":[{"href":"https:\/\/colorco.dk\/sv\/wp-json\/wp\/v2\/pages\/38492","targetHints":{"allow":["GET"]}}],"collection":[{"href":"https:\/\/colorco.dk\/sv\/wp-json\/wp\/v2\/pages"}],"about":[{"href":"https:\/\/colorco.dk\/sv\/wp-json\/wp\/v2\/types\/page"}],"author":[{"embeddable":true,"href":"https:\/\/colorco.dk\/sv\/wp-json\/wp\/v2\/users\/2"}],"replies":[{"embeddable":true,"href":"https:\/\/colorco.dk\/sv\/wp-json\/wp\/v2\/comments?post=38492"}],"version-history":[{"count":0,"href":"https:\/\/colorco.dk\/sv\/wp-json\/wp\/v2\/pages\/38492\/revisions"}],"wp:attachment":[{"href":"https:\/\/colorco.dk\/sv\/wp-json\/wp\/v2\/media?parent=38492"}],"curies":[{"name":"wp","href":"https:\/\/api.w.org\/{rel}","templated":true}]}}