{"id":8802,"date":"2023-06-28T14:44:57","date_gmt":"2023-06-28T12:44:57","guid":{"rendered":"https:\/\/colorco.dk\/\/produkt\/lys-brun-bambus-rullegardin\/"},"modified":"2025-03-07T13:11:30","modified_gmt":"2025-03-07T12:11:30","slug":"ljusbrun-bambu-rullgardin","status":"publish","type":"product","link":"https:\/\/colorco.dk\/sv\/product\/ljusbrun-bambu-rullgardin\/","title":{"rendered":"Ljusbrun bambu rullgardin"},"content":{"rendered":"<p>Denna ljusbrune bambu rullgardin med sn\u00f6redrag har en solskyddsfaktor p\u00e5 <strong>75%<\/strong>. V\u00e5ra gardiner \u00e4r indelade i fem solskyddskategorier: 25%, 50%, 75%, 90% och 98%.<br \/>\nDessa \u00e4r beteckningar f\u00f6r hur mycket solljus vi anser att de sl\u00e4pper in. Detta \u00e4r v\u00e5r bed\u00f6mning och avser inte hur mycket du kan se igenom. Vi rekommenderar att du best\u00e4ller ett <a href=\"https:\/\/colorco.dk\/sv\/gratis-prov\/\">gratis prov<\/a> om du \u00e4r os\u00e4ker p\u00e5 f\u00e4rger, solskydd eller hur mycket du kan se igenom.<\/p>\n<p style=\"text-align: center;\">Dessa krokar anv\u00e4nds f\u00f6r denna modell.<\/p>\n<p><img fetchpriority=\"high\" decoding=\"async\" class=\"alignnone size-medium wp-image-7348 aligncenter\" src=\"https:\/\/colorco.dk\/wp-content\/uploads\/2023\/03\/Color_co_blank_metal_hooks-600x600-1-300x300.webp\" alt=\"\" width=\"300\" height=\"300\" srcset=\"https:\/\/colorco.dk\/wp-content\/uploads\/2023\/03\/Color_co_blank_metal_hooks-600x600-1-300x300.webp 300w, https:\/\/colorco.dk\/wp-content\/uploads\/2023\/03\/Color_co_blank_metal_hooks-600x600-1-150x150.webp 150w, https:\/\/colorco.dk\/wp-content\/uploads\/2023\/03\/Color_co_blank_metal_hooks-600x600-1-441x441.webp 441w, https:\/\/colorco.dk\/wp-content\/uploads\/2023\/03\/Color_co_blank_metal_hooks-600x600-1-100x100.webp 100w, https:\/\/colorco.dk\/wp-content\/uploads\/2023\/03\/Color_co_blank_metal_hooks-600x600-1.webp 600w\" sizes=\"(max-width: 300px) 100vw, 300px\" \/><\/p>\n","protected":false},"excerpt":{"rendered":"<p>Rullgardiner i ljusbrun bambu. En v\u00e4ldigt vacker gardin som \u00e4r ihopv\u00e4vd med ca 1,5 cm breda lameller och en fin ljusbrun tr\u00e5d. Bambun har v\u00e4rmebehandlats p\u00e5 ett s\u00e5dant s\u00e4tt att bambuns struktur blir mycket tydlig i lamellerna. En fantastisk gardin som ger ditt hem en varm och naturlig atmosf\u00e4r.<\/p>\n<p>P\u00e5 grund av gardinens vikt kan den endast erh\u00e5llas upp till maxstorleken 140\u00d7230 cm. D\u00e4rf\u00f6r rekommenderar vi att du h\u00e4nger flera gardiner bredvid varandra om du har ett f\u00f6nster som \u00e4r bredare \u00e4n 140 cm.<\/p>\n<p>F\u00e4rger kan variera beroende p\u00e5 f\u00e4rgerna p\u00e5 bilderna, s\u00e5 vi rekommenderar d\u00e4rf\u00f6r att du best\u00e4ller ett gratis bambuprov.<\/p>\n<p>Bambu \u00e4r en naturprodukt och f\u00e4rgmatchning kan inte garanteras.<\/p>\n","protected":false},"featured_media":8430,"template":"","meta":[],"product_brand":[],"product_cat":[58,54],"product_tag":[],"class_list":{"0":"post-8802","1":"product","2":"type-product","3":"status-publish","4":"has-post-thumbnail","6":"product_cat-rullegardiner-bambus-papir-eller-plante","7":"product_cat-snore-traek","9":"first","10":"instock","11":"taxable","12":"shipping-taxable","13":"purchasable","14":"product-type-simple"},"aioseo_notices":[],"_links":{"self":[{"href":"https:\/\/colorco.dk\/sv\/wp-json\/wp\/v2\/product\/8802","targetHints":{"allow":["GET"]}}],"collection":[{"href":"https:\/\/colorco.dk\/sv\/wp-json\/wp\/v2\/product"}],"about":[{"href":"https:\/\/colorco.dk\/sv\/wp-json\/wp\/v2\/types\/product"}],"wp:featuredmedia":[{"embeddable":true,"href":"https:\/\/colorco.dk\/sv\/wp-json\/wp\/v2\/media\/8430"}],"wp:attachment":[{"href":"https:\/\/colorco.dk\/sv\/wp-json\/wp\/v2\/media?parent=8802"}],"wp:term":[{"taxonomy":"product_brand","embeddable":true,"href":"https:\/\/colorco.dk\/sv\/wp-json\/wp\/v2\/product_brand?post=8802"},{"taxonomy":"product_cat","embeddable":true,"href":"https:\/\/colorco.dk\/sv\/wp-json\/wp\/v2\/product_cat?post=8802"},{"taxonomy":"product_tag","embeddable":true,"href":"https:\/\/colorco.dk\/sv\/wp-json\/wp\/v2\/product_tag?post=8802"}],"curies":[{"name":"wp","href":"https:\/\/api.w.org\/{rel}","templated":true}]}}