{"id":8818,"date":"2023-06-27T14:07:21","date_gmt":"2023-06-27T12:07:21","guid":{"rendered":"https:\/\/colorco.dk\/\/produkt\/lys-bambus-rullegardin\/"},"modified":"2026-04-20T19:01:21","modified_gmt":"2026-04-20T17:01:21","slug":"ljus-bambu-rullgardin","status":"publish","type":"product","link":"https:\/\/colorco.dk\/sv\/product\/ljus-bambu-rullgardin\/","title":{"rendered":"Ljus bambu rullgardin"},"content":{"rendered":"<p>Denna ljuse bambu rullgardin med sn\u00f6redrag har en solskyddsfaktor p\u00e5 <strong>75%<\/strong>. V\u00e5ra gardiner \u00e4r indelade i fem solskyddskategorier: 25%, 50%, 75%, 90% och 98%.<br \/>\nDessa \u00e4r beteckningar f\u00f6r hur mycket solljus vi anser att de sl\u00e4pper in. Detta \u00e4r v\u00e5r bed\u00f6mning och avser inte hur mycket du kan se igenom. Vi rekommenderar att du best\u00e4ller ett <a href=\"https:\/\/colorco.dk\/sv\/gratis-prov\/\">gratis prov<\/a> om du \u00e4r os\u00e4ker p\u00e5 f\u00e4rger, solskydd eller hur mycket du kan se igenom.<\/p>\n<p style=\"text-align: center;\">Dessa krokar anv\u00e4nds f\u00f6r denna modell.<\/p>\n<p><img fetchpriority=\"high\" decoding=\"async\" class=\"alignnone size-medium wp-image-7348 aligncenter\" src=\"https:\/\/colorco.dk\/wp-content\/uploads\/2023\/03\/Color_co_blank_metal_hooks-600x600-1-300x300.webp\" alt=\"\" width=\"300\" height=\"300\" srcset=\"https:\/\/colorco.dk\/wp-content\/uploads\/2023\/03\/Color_co_blank_metal_hooks-600x600-1-300x300.webp 300w, https:\/\/colorco.dk\/wp-content\/uploads\/2023\/03\/Color_co_blank_metal_hooks-600x600-1-150x150.webp 150w, https:\/\/colorco.dk\/wp-content\/uploads\/2023\/03\/Color_co_blank_metal_hooks-600x600-1-441x441.webp 441w, https:\/\/colorco.dk\/wp-content\/uploads\/2023\/03\/Color_co_blank_metal_hooks-600x600-1-100x100.webp 100w, https:\/\/colorco.dk\/wp-content\/uploads\/2023\/03\/Color_co_blank_metal_hooks-600x600-1.webp 600w\" sizes=\"(max-width: 300px) 100vw, 300px\" \/><\/p>\n","protected":false},"excerpt":{"rendered":"<p>Bambu gardin i ljus och naturlig bambu, tunna fina bambu pinnar v\u00e4vda tillsammans i ganska fin struktur. En mycket fin och exklusiv gardin, i en fantastisk kvalitet.<\/p>\n","protected":false},"featured_media":8346,"template":"","meta":[],"product_brand":[],"product_cat":[156,162],"product_tag":[],"class_list":["post-8818","product","type-product","status-publish","has-post-thumbnail","product_cat-rullgardiner","product_cat-snore-drag","first","instock","taxable","shipping-taxable","purchasable","product-type-variable"],"aioseo_notices":[],"aioseo_head":"\n\t\t<!-- All in One SEO Pro 5.0.1.1 - aioseo.com -->\n\t<meta name=\"description\" content=\"Bambu gardin i ljus och naturlig bambu, tunna fina bambu pinnar v\u00e4vda tillsammans i ganska fin struktur. En mycket fin och exklusiv gardin, i en fantastisk kvalitet.\" \/>\n\t<meta name=\"robots\" content=\"max-image-preview:large\" \/>\n\t<meta name=\"google-site-verification\" content=\"O_b6pjl4yEAVerOQwoOaCjk1Ty3mYEly1mdDD3t060A\" \/>\n\t<link rel=\"canonical\" href=\"https:\/\/colorco.dk\/sv\/product\/ljus-bambu-rullgardin\/\" \/>\n\t<meta name=\"generator\" content=\"All in One SEO Pro (AIOSEO) 5.0.1.1\" \/>\n\t\t<meta property=\"og:locale\" content=\"sv_SE\" \/>\n\t\t<meta property=\"og:site_name\" content=\"Color &amp; Co - Bambus og natur rullegardiner\" \/>\n\t\t<meta property=\"og:type\" content=\"article\" \/>\n\t\t<meta property=\"og:title\" content=\"Ljus bambu rullgardin - Color &amp; Co\" \/>\n\t\t<meta property=\"og:description\" content=\"Bambu gardin i ljus och naturlig bambu, tunna fina bambu pinnar v\u00e4vda tillsammans i ganska fin struktur. En mycket fin och exklusiv gardin, i en fantastisk kvalitet.\" \/>\n\t\t<meta property=\"og:url\" content=\"https:\/\/colorco.dk\/sv\/product\/ljus-bambu-rullgardin\/\" \/>\n\t\t<meta property=\"og:image\" content=\"https:\/\/colorco.dk\/wp-content\/uploads\/2023\/02\/cropped-colorco_logo_natural_blinds.webp\" \/>\n\t\t<meta property=\"og:image:secure_url\" content=\"https:\/\/colorco.dk\/wp-content\/uploads\/2023\/02\/cropped-colorco_logo_natural_blinds.webp\" \/>\n\t\t<meta property=\"article:published_time\" content=\"2023-06-27T12:07:21+00:00\" \/>\n\t\t<meta property=\"article:modified_time\" content=\"2026-04-20T17:01:21+00:00\" \/>\n\t\t<meta name=\"twitter:card\" content=\"summary_large_image\" \/>\n\t\t<meta name=\"twitter:title\" content=\"Ljus bambu rullgardin - Color &amp; Co\" \/>\n\t\t<meta name=\"twitter:description\" content=\"Bambu gardin i ljus och naturlig bambu, tunna fina bambu pinnar v\u00e4vda tillsammans i ganska fin struktur. En mycket fin och exklusiv gardin, i en fantastisk kvalitet.\" \/>\n\t\t<meta name=\"twitter:image\" content=\"https:\/\/colorco.dk\/wp-content\/uploads\/2023\/02\/cropped-colorco_logo_natural_blinds.webp\" \/>\n\t\t<script type=\"application\/ld+json\" class=\"aioseo-schema\">\n\t\t\t{\"@context\":\"https:\\\/\\\/schema.org\",\"@graph\":[{\"@type\":\"BreadcrumbList\",\"@id\":\"https:\\\/\\\/colorco.dk\\\/sv\\\/product\\\/ljus-bambu-rullgardin\\\/#breadcrumblist\",\"itemListElement\":[{\"@type\":\"ListItem\",\"@id\":\"https:\\\/\\\/colorco.dk\\\/sv\\\/#listItem\",\"position\":1,\"name\":\"Home\",\"item\":\"https:\\\/\\\/colorco.dk\\\/sv\\\/\",\"nextItem\":{\"@type\":\"ListItem\",\"@id\":\"https:\\\/\\\/colorco.dk\\\/sv\\\/butik\\\/#listItem\",\"name\":\"Butik\"}},{\"@type\":\"ListItem\",\"@id\":\"https:\\\/\\\/colorco.dk\\\/sv\\\/butik\\\/#listItem\",\"position\":2,\"name\":\"Butik\",\"item\":\"https:\\\/\\\/colorco.dk\\\/sv\\\/butik\\\/\",\"nextItem\":{\"@type\":\"ListItem\",\"@id\":\"https:\\\/\\\/colorco.dk\\\/sv\\\/produkt-kategori\\\/rullgardiner\\\/#listItem\",\"name\":\"Rullgardiner\"},\"previousItem\":{\"@type\":\"ListItem\",\"@id\":\"https:\\\/\\\/colorco.dk\\\/sv\\\/#listItem\",\"name\":\"Home\"}},{\"@type\":\"ListItem\",\"@id\":\"https:\\\/\\\/colorco.dk\\\/sv\\\/produkt-kategori\\\/rullgardiner\\\/#listItem\",\"position\":3,\"name\":\"Rullgardiner\",\"item\":\"https:\\\/\\\/colorco.dk\\\/sv\\\/produkt-kategori\\\/rullgardiner\\\/\",\"nextItem\":{\"@type\":\"ListItem\",\"@id\":\"https:\\\/\\\/colorco.dk\\\/sv\\\/product\\\/ljus-bambu-rullgardin\\\/#listItem\",\"name\":\"Ljus bambu rullgardin\"},\"previousItem\":{\"@type\":\"ListItem\",\"@id\":\"https:\\\/\\\/colorco.dk\\\/sv\\\/butik\\\/#listItem\",\"name\":\"Butik\"}},{\"@type\":\"ListItem\",\"@id\":\"https:\\\/\\\/colorco.dk\\\/sv\\\/product\\\/ljus-bambu-rullgardin\\\/#listItem\",\"position\":4,\"name\":\"Ljus bambu rullgardin\",\"previousItem\":{\"@type\":\"ListItem\",\"@id\":\"https:\\\/\\\/colorco.dk\\\/sv\\\/produkt-kategori\\\/rullgardiner\\\/#listItem\",\"name\":\"Rullgardiner\"}}]},{\"@type\":\"ItemPage\",\"@id\":\"https:\\\/\\\/colorco.dk\\\/sv\\\/product\\\/ljus-bambu-rullgardin\\\/#itempage\",\"url\":\"https:\\\/\\\/colorco.dk\\\/sv\\\/product\\\/ljus-bambu-rullgardin\\\/\",\"name\":\"Ljus bambu rullgardin - Color & Co\",\"description\":\"Bambu gardin i ljus och naturlig bambu, tunna fina bambu pinnar v\\u00e4vda tillsammans i ganska fin struktur. En mycket fin och exklusiv gardin, i en fantastisk kvalitet.\",\"inLanguage\":\"sv-SE\",\"isPartOf\":{\"@id\":\"https:\\\/\\\/colorco.dk\\\/sv\\\/#website\"},\"breadcrumb\":{\"@id\":\"https:\\\/\\\/colorco.dk\\\/sv\\\/product\\\/ljus-bambu-rullgardin\\\/#breadcrumblist\"},\"image\":{\"@type\":\"ImageObject\",\"url\":\"https:\\\/\\\/colorco.dk\\\/wp-content\\\/uploads\\\/2023\\\/06\\\/Color_Co_70014_frit.jpg\",\"@id\":\"https:\\\/\\\/colorco.dk\\\/sv\\\/product\\\/ljus-bambu-rullgardin\\\/#mainImage\",\"width\":850,\"height\":832,\"caption\":\"Ljus bambu rullgardin\"},\"primaryImageOfPage\":{\"@id\":\"https:\\\/\\\/colorco.dk\\\/sv\\\/product\\\/ljus-bambu-rullgardin\\\/#mainImage\"},\"datePublished\":\"2023-06-27T14:07:21+02:00\",\"dateModified\":\"2026-04-20T19:01:21+02:00\"},{\"@type\":\"Organization\",\"@id\":\"https:\\\/\\\/colorco.dk\\\/sv\\\/#organization\",\"name\":\"Color & Co\",\"description\":\"Bambus og natur rullegardiner\",\"url\":\"https:\\\/\\\/colorco.dk\\\/sv\\\/\",\"logo\":{\"@type\":\"ImageObject\",\"url\":\"https:\\\/\\\/colorco.dk\\\/wp-content\\\/uploads\\\/2023\\\/02\\\/cropped-colorco_logo_natural_blinds.webp\",\"@id\":\"https:\\\/\\\/colorco.dk\\\/sv\\\/product\\\/ljus-bambu-rullgardin\\\/#organizationLogo\",\"width\":300,\"height\":87},\"image\":{\"@id\":\"https:\\\/\\\/colorco.dk\\\/sv\\\/product\\\/ljus-bambu-rullgardin\\\/#organizationLogo\"}},{\"@type\":\"WebPage\",\"@id\":\"https:\\\/\\\/colorco.dk\\\/sv\\\/product\\\/ljus-bambu-rullgardin\\\/#webpage\",\"url\":\"https:\\\/\\\/colorco.dk\\\/sv\\\/product\\\/ljus-bambu-rullgardin\\\/\",\"name\":\"Ljus bambu rullgardin - Color & Co\",\"description\":\"Bambu gardin i ljus och naturlig bambu, tunna fina bambu pinnar v\\u00e4vda tillsammans i ganska fin struktur. En mycket fin och exklusiv gardin, i en fantastisk kvalitet.\",\"inLanguage\":\"sv-SE\",\"isPartOf\":{\"@id\":\"https:\\\/\\\/colorco.dk\\\/sv\\\/#website\"},\"breadcrumb\":{\"@id\":\"https:\\\/\\\/colorco.dk\\\/sv\\\/product\\\/ljus-bambu-rullgardin\\\/#breadcrumblist\"},\"image\":{\"@type\":\"ImageObject\",\"url\":\"https:\\\/\\\/colorco.dk\\\/wp-content\\\/uploads\\\/2023\\\/06\\\/Color_Co_70014_frit.jpg\",\"@id\":\"https:\\\/\\\/colorco.dk\\\/sv\\\/product\\\/ljus-bambu-rullgardin\\\/#mainImage\",\"width\":850,\"height\":832,\"caption\":\"Ljus bambu rullgardin\"},\"primaryImageOfPage\":{\"@id\":\"https:\\\/\\\/colorco.dk\\\/sv\\\/product\\\/ljus-bambu-rullgardin\\\/#mainImage\"},\"datePublished\":\"2023-06-27T14:07:21+02:00\",\"dateModified\":\"2026-04-20T19:01:21+02:00\"},{\"@type\":\"WebSite\",\"@id\":\"https:\\\/\\\/colorco.dk\\\/sv\\\/#website\",\"url\":\"https:\\\/\\\/colorco.dk\\\/sv\\\/\",\"name\":\"Color & Co\",\"description\":\"Bambus og natur rullegardiner\",\"inLanguage\":\"sv-SE\",\"publisher\":{\"@id\":\"https:\\\/\\\/colorco.dk\\\/sv\\\/#organization\"}}]}\n\t\t<\/script>\n\t\t<!-- All in One SEO Pro -->\r\n\t\t<title>Ljus bambu rullgardin - Color &amp; Co<\/title>\n\n","aioseo_head_json":{"title":"Ljus bambu rullgardin - Color & Co","description":"Bambu gardin i ljus och naturlig bambu, tunna fina bambu pinnar v\u00e4vda tillsammans i ganska fin struktur. En mycket fin och exklusiv gardin, i en fantastisk kvalitet.","canonical_url":"https:\/\/colorco.dk\/sv\/product\/ljus-bambu-rullgardin\/","robots":"max-image-preview:large","keywords":"","webmasterTools":{"google-site-verification":"O_b6pjl4yEAVerOQwoOaCjk1Ty3mYEly1mdDD3t060A","miscellaneous":""},"schema":{"@context":"https:\/\/schema.org","@graph":[{"@type":"BreadcrumbList","@id":"https:\/\/colorco.dk\/sv\/product\/ljus-bambu-rullgardin\/#breadcrumblist","itemListElement":[{"@type":"ListItem","@id":"https:\/\/colorco.dk\/sv\/#listItem","position":1,"name":"Home","item":"https:\/\/colorco.dk\/sv\/","nextItem":{"@type":"ListItem","@id":"https:\/\/colorco.dk\/sv\/butik\/#listItem","name":"Butik"}},{"@type":"ListItem","@id":"https:\/\/colorco.dk\/sv\/butik\/#listItem","position":2,"name":"Butik","item":"https:\/\/colorco.dk\/sv\/butik\/","nextItem":{"@type":"ListItem","@id":"https:\/\/colorco.dk\/sv\/produkt-kategori\/rullgardiner\/#listItem","name":"Rullgardiner"},"previousItem":{"@type":"ListItem","@id":"https:\/\/colorco.dk\/sv\/#listItem","name":"Home"}},{"@type":"ListItem","@id":"https:\/\/colorco.dk\/sv\/produkt-kategori\/rullgardiner\/#listItem","position":3,"name":"Rullgardiner","item":"https:\/\/colorco.dk\/sv\/produkt-kategori\/rullgardiner\/","nextItem":{"@type":"ListItem","@id":"https:\/\/colorco.dk\/sv\/product\/ljus-bambu-rullgardin\/#listItem","name":"Ljus bambu rullgardin"},"previousItem":{"@type":"ListItem","@id":"https:\/\/colorco.dk\/sv\/butik\/#listItem","name":"Butik"}},{"@type":"ListItem","@id":"https:\/\/colorco.dk\/sv\/product\/ljus-bambu-rullgardin\/#listItem","position":4,"name":"Ljus bambu rullgardin","previousItem":{"@type":"ListItem","@id":"https:\/\/colorco.dk\/sv\/produkt-kategori\/rullgardiner\/#listItem","name":"Rullgardiner"}}]},{"@type":"ItemPage","@id":"https:\/\/colorco.dk\/sv\/product\/ljus-bambu-rullgardin\/#itempage","url":"https:\/\/colorco.dk\/sv\/product\/ljus-bambu-rullgardin\/","name":"Ljus bambu rullgardin - Color & Co","description":"Bambu gardin i ljus och naturlig bambu, tunna fina bambu pinnar v\u00e4vda tillsammans i ganska fin struktur. En mycket fin och exklusiv gardin, i en fantastisk kvalitet.","inLanguage":"sv-SE","isPartOf":{"@id":"https:\/\/colorco.dk\/sv\/#website"},"breadcrumb":{"@id":"https:\/\/colorco.dk\/sv\/product\/ljus-bambu-rullgardin\/#breadcrumblist"},"image":{"@type":"ImageObject","url":"https:\/\/colorco.dk\/wp-content\/uploads\/2023\/06\/Color_Co_70014_frit.jpg","@id":"https:\/\/colorco.dk\/sv\/product\/ljus-bambu-rullgardin\/#mainImage","width":850,"height":832,"caption":"Ljus bambu rullgardin"},"primaryImageOfPage":{"@id":"https:\/\/colorco.dk\/sv\/product\/ljus-bambu-rullgardin\/#mainImage"},"datePublished":"2023-06-27T14:07:21+02:00","dateModified":"2026-04-20T19:01:21+02:00"},{"@type":"Organization","@id":"https:\/\/colorco.dk\/sv\/#organization","name":"Color & Co","description":"Bambus og natur rullegardiner","url":"https:\/\/colorco.dk\/sv\/","logo":{"@type":"ImageObject","url":"https:\/\/colorco.dk\/wp-content\/uploads\/2023\/02\/cropped-colorco_logo_natural_blinds.webp","@id":"https:\/\/colorco.dk\/sv\/product\/ljus-bambu-rullgardin\/#organizationLogo","width":300,"height":87},"image":{"@id":"https:\/\/colorco.dk\/sv\/product\/ljus-bambu-rullgardin\/#organizationLogo"}},{"@type":"WebPage","@id":"https:\/\/colorco.dk\/sv\/product\/ljus-bambu-rullgardin\/#webpage","url":"https:\/\/colorco.dk\/sv\/product\/ljus-bambu-rullgardin\/","name":"Ljus bambu rullgardin - Color & Co","description":"Bambu gardin i ljus och naturlig bambu, tunna fina bambu pinnar v\u00e4vda tillsammans i ganska fin struktur. En mycket fin och exklusiv gardin, i en fantastisk kvalitet.","inLanguage":"sv-SE","isPartOf":{"@id":"https:\/\/colorco.dk\/sv\/#website"},"breadcrumb":{"@id":"https:\/\/colorco.dk\/sv\/product\/ljus-bambu-rullgardin\/#breadcrumblist"},"image":{"@type":"ImageObject","url":"https:\/\/colorco.dk\/wp-content\/uploads\/2023\/06\/Color_Co_70014_frit.jpg","@id":"https:\/\/colorco.dk\/sv\/product\/ljus-bambu-rullgardin\/#mainImage","width":850,"height":832,"caption":"Ljus bambu rullgardin"},"primaryImageOfPage":{"@id":"https:\/\/colorco.dk\/sv\/product\/ljus-bambu-rullgardin\/#mainImage"},"datePublished":"2023-06-27T14:07:21+02:00","dateModified":"2026-04-20T19:01:21+02:00"},{"@type":"WebSite","@id":"https:\/\/colorco.dk\/sv\/#website","url":"https:\/\/colorco.dk\/sv\/","name":"Color & Co","description":"Bambus og natur rullegardiner","inLanguage":"sv-SE","publisher":{"@id":"https:\/\/colorco.dk\/sv\/#organization"}}]},"og:locale":"sv_SE","og:site_name":"Color &amp; Co - Bambus og natur rullegardiner","og:type":"article","og:title":"Ljus bambu rullgardin - Color &amp; Co","og:description":"Bambu gardin i ljus och naturlig bambu, tunna fina bambu pinnar v\u00e4vda tillsammans i ganska fin struktur. En mycket fin och exklusiv gardin, i en fantastisk kvalitet.","og:url":"https:\/\/colorco.dk\/sv\/product\/ljus-bambu-rullgardin\/","og:image":"https:\/\/colorco.dk\/wp-content\/uploads\/2023\/02\/cropped-colorco_logo_natural_blinds.webp","og:image:secure_url":"https:\/\/colorco.dk\/wp-content\/uploads\/2023\/02\/cropped-colorco_logo_natural_blinds.webp","article:published_time":"2023-06-27T12:07:21+00:00","article:modified_time":"2026-04-20T17:01:21+00:00","twitter:card":"summary_large_image","twitter:title":"Ljus bambu rullgardin - Color &amp; Co","twitter:description":"Bambu gardin i ljus och naturlig bambu, tunna fina bambu pinnar v\u00e4vda tillsammans i ganska fin struktur. En mycket fin och exklusiv gardin, i en fantastisk kvalitet.","twitter:image":"https:\/\/colorco.dk\/wp-content\/uploads\/2023\/02\/cropped-colorco_logo_natural_blinds.webp"},"aioseo_meta_data":{"post_id":"8818","title":null,"description":null,"keywords":[],"keyphrases":{"focus":{"keyphrase":"rullgardin","score":80,"analysis":{"keyphraseInTitle":{"score":9,"maxScore":9,"error":0},"keyphraseInDescription":{"score":3,"maxScore":9,"error":1},"keyphraseLength":{"score":9,"maxScore":9,"error":0,"length":1},"keyphraseInURL":{"score":5,"maxScore":5,"error":0},"keyphraseInIntroduction":{"score":9,"maxScore":9,"error":0},"keyphraseInSubHeadings":[],"keyphraseInImageAlt":{"score":3,"maxScore":9,"error":1},"keywordDensity":{"type":"best","score":9,"maxScore":9,"error":0}}},"additional":[]},"primary_term":null,"canonical_url":null,"og_title":null,"og_description":null,"og_object_type":"default","og_image_type":"default","og_image_url":null,"og_image_width":null,"og_image_height":null,"og_image_custom_url":null,"og_image_custom_fields":null,"og_video":"","og_custom_url":null,"og_article_section":null,"og_article_tags":[],"twitter_use_og":false,"twitter_card":"default","twitter_image_type":"default","twitter_image_url":null,"twitter_image_custom_url":null,"twitter_image_custom_fields":null,"twitter_title":null,"twitter_description":null,"schema":{"blockGraphs":[],"customGraphs":[],"default":{"data":{"Article":[],"Course":[],"Dataset":[],"FAQPage":[],"Movie":[],"Person":[],"Product":[],"ProductReview":[],"Car":[],"Recipe":[],"Service":[],"SoftwareApplication":[],"WebPage":[]},"graphName":"ItemPage","isEnabled":true},"graphs":[]},"schema_type":"default","schema_type_options":null,"pillar_content":false,"robots_default":true,"robots_noindex":false,"robots_noarchive":false,"robots_nosnippet":false,"robots_nofollow":false,"robots_noimageindex":false,"robots_noodp":false,"robots_notranslate":false,"robots_max_snippet":"-1","robots_max_videopreview":"-1","robots_max_imagepreview":"large","priority":null,"frequency":"default","local_seo":null,"seo_analyzer_scan_date":"2026-05-16 15:19:35","breadcrumb_settings":null,"limit_modified_date":false,"open_ai":"{\"title\":{\"suggestions\":[],\"usage\":0},\"description\":{\"suggestions\":[],\"usage\":0}}","ai":null,"created":"2023-09-17 19:31:28","updated":"2026-05-16 15:19:35","focus_keyword":"rullgardin","additional_keywords":null,"truseo_locale":null},"aioseo_breadcrumb":"<div class=\"aioseo-breadcrumbs\"><span class=\"aioseo-breadcrumb\">\n\t<a href=\"https:\/\/colorco.dk\/sv\/\" title=\"Home\">Home<\/a>\n<\/span><span class=\"aioseo-breadcrumb-separator\">\u00bb<\/span><span class=\"aioseo-breadcrumb\">\n\t<a href=\"https:\/\/colorco.dk\/sv\/butik\/\" title=\"Butik\">Butik<\/a>\n<\/span><span class=\"aioseo-breadcrumb-separator\">\u00bb<\/span><span class=\"aioseo-breadcrumb\">\n\t<a href=\"https:\/\/colorco.dk\/sv\/produkt-kategori\/rullgardiner\/\" title=\"Rullgardiner\">Rullgardiner<\/a>\n<\/span><span class=\"aioseo-breadcrumb-separator\">\u00bb<\/span><span class=\"aioseo-breadcrumb\">\n\tLjus bambu rullgardin\n<\/span><\/div>","aioseo_breadcrumb_json":[{"label":"Home","link":"https:\/\/colorco.dk\/sv\/"},{"label":"Butik","link":"https:\/\/colorco.dk\/sv\/butik\/"},{"label":"Rullgardiner","link":"https:\/\/colorco.dk\/sv\/produkt-kategori\/rullgardiner\/"},{"label":"Ljus bambu rullgardin","link":"https:\/\/colorco.dk\/sv\/product\/ljus-bambu-rullgardin\/"}],"_links":{"self":[{"href":"https:\/\/colorco.dk\/sv\/wp-json\/wp\/v2\/product\/8818","targetHints":{"allow":["GET"]}}],"collection":[{"href":"https:\/\/colorco.dk\/sv\/wp-json\/wp\/v2\/product"}],"about":[{"href":"https:\/\/colorco.dk\/sv\/wp-json\/wp\/v2\/types\/product"}],"wp:featuredmedia":[{"embeddable":true,"href":"https:\/\/colorco.dk\/sv\/wp-json\/wp\/v2\/media\/8346"}],"wp:attachment":[{"href":"https:\/\/colorco.dk\/sv\/wp-json\/wp\/v2\/media?parent=8818"}],"wp:term":[{"taxonomy":"product_brand","embeddable":true,"href":"https:\/\/colorco.dk\/sv\/wp-json\/wp\/v2\/product_brand?post=8818"},{"taxonomy":"product_cat","embeddable":true,"href":"https:\/\/colorco.dk\/sv\/wp-json\/wp\/v2\/product_cat?post=8818"},{"taxonomy":"product_tag","embeddable":true,"href":"https:\/\/colorco.dk\/sv\/wp-json\/wp\/v2\/product_tag?post=8818"}],"curies":[{"name":"wp","href":"https:\/\/api.w.org\/{rel}","templated":true}]}}